{"id":156,"date":"2023-03-19T07:20:30","date_gmt":"2023-03-19T07:20:30","guid":{"rendered":"https:\/\/marianomateo.com\/?page_id=156"},"modified":"2023-04-13T13:39:48","modified_gmt":"2023-04-13T13:39:48","slug":"derecho-laboral","status":"publish","type":"page","link":"https:\/\/marianomateo.com\/ca\/derecho-laboral\/","title":{"rendered":"Dret laboral"},"content":{"rendered":"<div data-elementor-type=\"wp-page\" data-elementor-id=\"156\" class=\"elementor elementor-156\">\n\t\t\t\t\t\t\t\t\t<section class=\"elementor-section elementor-top-section elementor-element elementor-element-811a542 elementor-section-full_width elementor-section-stretched elementor-section-height-default elementor-section-height-default\" data-id=\"811a542\" data-element_type=\"section\" data-settings=\"{&quot;stretch_section&quot;:&quot;section-stretched&quot;,&quot;background_background&quot;:&quot;classic&quot;}\">\n\t\t\t\t\t\t<div class=\"elementor-container elementor-column-gap-default\">\n\t\t\t\t\t<div class=\"elementor-column elementor-col-100 elementor-top-column elementor-element elementor-element-840be4a\" data-id=\"840be4a\" data-element_type=\"column\">\n\t\t\t<div class=\"elementor-widget-wrap elementor-element-populated\">\n\t\t\t\t\t\t\t\t<div class=\"elementor-element elementor-element-199a4a3 elementor-widget elementor-widget-heading\" data-id=\"199a4a3\" data-element_type=\"widget\" data-widget_type=\"heading.default\">\n\t\t\t\t<div class=\"elementor-widget-container\">\n\t\t\t<style>\/*! elementor - v3.12.1 - 02-04-2023 *\/\n.elementor-heading-title{padding:0;margin:0;line-height:1}.elementor-widget-heading .elementor-heading-title[class*=elementor-size-]>a{color:inherit;font-size:inherit;line-height:inherit}.elementor-widget-heading .elementor-heading-title.elementor-size-small{font-size:15px}.elementor-widget-heading .elementor-heading-title.elementor-size-medium{font-size:19px}.elementor-widget-heading .elementor-heading-title.elementor-size-large{font-size:29px}.elementor-widget-heading .elementor-heading-title.elementor-size-xl{font-size:39px}.elementor-widget-heading .elementor-heading-title.elementor-size-xxl{font-size:59px}<\/style><h1 class=\"elementor-heading-title elementor-size-default\">DRET LABORAL<\/h1>\t\t<\/div>\n\t\t\t\t<\/div>\n\t\t\t\t\t<\/div>\n\t\t<\/div>\n\t\t\t\t\t\t\t<\/div>\n\t\t<\/section>\n\t\t\t\t<section class=\"elementor-section elementor-top-section elementor-element elementor-element-4df39dc elementor-section-boxed elementor-section-height-default elementor-section-height-default\" data-id=\"4df39dc\" data-element_type=\"section\">\n\t\t\t\t\t\t<div class=\"elementor-container elementor-column-gap-default\">\n\t\t\t\t\t<div class=\"elementor-column elementor-col-100 elementor-top-column elementor-element elementor-element-9223e3b\" data-id=\"9223e3b\" data-element_type=\"column\">\n\t\t\t<div class=\"elementor-widget-wrap elementor-element-populated\">\n\t\t\t\t\t\t\t\t<div class=\"elementor-element elementor-element-f2d0185 elementor-widget elementor-widget-text-editor\" data-id=\"f2d0185\" data-element_type=\"widget\" data-widget_type=\"text-editor.default\">\n\t\t\t\t<div class=\"elementor-widget-container\">\n\t\t\t<style>\/*! elementor - v3.12.1 - 02-04-2023 *\/\n.elementor-widget-text-editor.elementor-drop-cap-view-stacked .elementor-drop-cap{background-color:#69727d;color:#fff}.elementor-widget-text-editor.elementor-drop-cap-view-framed .elementor-drop-cap{color:#69727d;border:3px solid;background-color:transparent}.elementor-widget-text-editor:not(.elementor-drop-cap-view-default) .elementor-drop-cap{margin-top:8px}.elementor-widget-text-editor:not(.elementor-drop-cap-view-default) .elementor-drop-cap-letter{width:1em;height:1em}.elementor-widget-text-editor .elementor-drop-cap{float:left;text-align:center;line-height:1;font-size:50px}.elementor-widget-text-editor .elementor-drop-cap-letter{display:inline-block}<\/style>\t\t\t\t<p class=\"p1\">Com a especialistes en el dret de danys, portem m\u00e9s de 24 anys defensant els interessos de persones que s'han vist immerses en un accident de treball, ja sigui en el trasllat a l'empresa, al seu domicili despr\u00e9s de la jornada laboral, o b\u00e9 al propi lloc d'exercici de la seva professi\u00f3 o ofici.<\/p><p>En el <a href=\"https:\/\/marianomateo.com\/ca\/firma\/\"><span style=\"color: #000080;\"><strong>despatx<\/strong><\/span><\/a> cobrim algunes branques del dret laboral com: accidents de treball, rec\u00e0rrec de prestacions, den\u00fancies en la inspecci\u00f3 de treball, incapacitats laborals\u2026<\/p>\t\t\t\t\t\t<\/div>\n\t\t\t\t<\/div>\n\t\t\t\t\t<\/div>\n\t\t<\/div>\n\t\t\t\t\t\t\t<\/div>\n\t\t<\/section>\n\t\t\t\t<section class=\"elementor-section elementor-top-section elementor-element elementor-element-e4f2b8b elementor-section-content-middle elementor-section-boxed elementor-section-height-default elementor-section-height-default\" data-id=\"e4f2b8b\" data-element_type=\"section\" data-settings=\"{&quot;background_background&quot;:&quot;classic&quot;}\">\n\t\t\t\t\t\t<div class=\"elementor-container elementor-column-gap-default\">\n\t\t\t\t\t<div class=\"elementor-column elementor-col-100 elementor-top-column elementor-element elementor-element-d87df1e\" data-id=\"d87df1e\" data-element_type=\"column\">\n\t\t\t<div class=\"elementor-widget-wrap elementor-element-populated\">\n\t\t\t\t\t\t\t\t<div class=\"elementor-element elementor-element-5733bae elementor-widget elementor-widget-text-editor\" data-id=\"5733bae\" data-element_type=\"widget\" data-widget_type=\"text-editor.default\">\n\t\t\t\t<div class=\"elementor-widget-container\">\n\t\t\t\t\t\t\t<p class=\"p1\">Un <span class=\"s1\"><b>accident de treball <\/b><\/span>\u00e9s una de les moltes situacions que ens podem trobar a la nostra vida, la sinistralitat laboral \u00e9s una de les preocupacions dels Organismes P\u00fablics, per la seva incid\u00e8ncia en les persones i les pr\u00f2pies empreses, aix\u00ed com en els comptes p\u00fablics. Despr\u00e9s d'un accident d'aquest tipus, el treballador es troba en una situaci\u00f3 que desconeix, on poden intervenir diferents operadors (metges, jur\u00eddics, empresa, etc.) i el personal del despatx us acompanyar\u00e0 des del primer moment, per tal de valorar les circumst\u00e0ncies de l'accident: la teva relaci\u00f3 jur\u00eddica amb l'empresa, la necessitat d'instar den\u00fancia en la inspecci\u00f3 de treball,<span class=\"Apple-converted-space\">\u00a0 <\/span>el seguiment de la baixa laboral, l'exist\u00e8ncia d'incompliment de mesures de seguretat a la feina i la imposici\u00f3 de rec\u00e0rrec de prestacions, etc.<span class=\"Apple-converted-space\">\u00a0<\/span><\/p>\t\t\t\t\t\t<\/div>\n\t\t\t\t<\/div>\n\t\t\t\t\t<\/div>\n\t\t<\/div>\n\t\t\t\t\t\t\t<\/div>\n\t\t<\/section>\n\t\t\t\t<section class=\"elementor-section elementor-top-section elementor-element elementor-element-fc0e1b7 elementor-section-content-middle elementor-section-boxed elementor-section-height-default elementor-section-height-default\" data-id=\"fc0e1b7\" data-element_type=\"section\" data-settings=\"{&quot;background_background&quot;:&quot;classic&quot;}\">\n\t\t\t\t\t\t<div class=\"elementor-container elementor-column-gap-default\">\n\t\t\t\t\t<div class=\"elementor-column elementor-col-50 elementor-top-column elementor-element elementor-element-6e9b5f5\" data-id=\"6e9b5f5\" data-element_type=\"column\">\n\t\t\t<div class=\"elementor-widget-wrap elementor-element-populated\">\n\t\t\t\t\t\t\t\t<div class=\"elementor-element elementor-element-cc3da2b elementor-widget elementor-widget-image\" data-id=\"cc3da2b\" data-element_type=\"widget\" data-widget_type=\"image.default\">\n\t\t\t\t<div class=\"elementor-widget-container\">\n\t\t\t<style>\/*! elementor - v3.12.1 - 02-04-2023 *\/\n.elementor-widget-image{text-align:center}.elementor-widget-image a{display:inline-block}.elementor-widget-image a img[src$=\".svg\"]{width:48px}.elementor-widget-image img{vertical-align:middle;display:inline-block}<\/style>\t\t\t\t\t\t\t\t\t\t\t\t<img loading=\"lazy\" decoding=\"async\" width=\"1024\" height=\"576\" src=\"https:\/\/marianomateo.com\/wp-content\/uploads\/2023\/03\/8-1-1024x576.png\" class=\"attachment-large size-large wp-image-519\" alt=\"\" srcset=\"https:\/\/marianomateo.com\/wp-content\/uploads\/2023\/03\/8-1-1024x576.png 1024w, https:\/\/marianomateo.com\/wp-content\/uploads\/2023\/03\/8-1-300x169.png 300w, https:\/\/marianomateo.com\/wp-content\/uploads\/2023\/03\/8-1-768x432.png 768w, https:\/\/marianomateo.com\/wp-content\/uploads\/2023\/03\/8-1.png 1366w\" sizes=\"(max-width: 1024px) 100vw, 1024px\" \/>\t\t\t\t\t\t\t\t\t\t\t\t\t\t\t<\/div>\n\t\t\t\t<\/div>\n\t\t\t\t\t<\/div>\n\t\t<\/div>\n\t\t\t\t<div class=\"elementor-column elementor-col-50 elementor-top-column elementor-element elementor-element-7ae851b\" data-id=\"7ae851b\" data-element_type=\"column\">\n\t\t\t<div class=\"elementor-widget-wrap elementor-element-populated\">\n\t\t\t\t\t\t\t\t<div class=\"elementor-element elementor-element-d8da2ed elementor-widget elementor-widget-text-editor\" data-id=\"d8da2ed\" data-element_type=\"widget\" data-widget_type=\"text-editor.default\">\n\t\t\t\t<div class=\"elementor-widget-container\">\n\t\t\t\t\t\t\t<p class=\"p1\"><span class=\"s1\"><b>Despr\u00e9s de l'alta<\/b><\/span>, p\u00e8rits m\u00e8dics de la nostra confian\u00e7a realitzaran la valoraci\u00f3 de les teves lesions, i ens aconsellaran sobre les possibilitats existents d'aconseguir una incapacitat laboral i la prestaci\u00f3 conseg\u00fcent. Finalment, es reclamar\u00e0 als responsables de l'accident la indemnitzaci\u00f3, tant per la via amistosa, com per la via judicial per no haver assolit acord d'indemnitzaci\u00f3 adequat i ajustat a dret.<\/p>\t\t\t\t\t\t<\/div>\n\t\t\t\t<\/div>\n\t\t\t\t\t<\/div>\n\t\t<\/div>\n\t\t\t\t\t\t\t<\/div>\n\t\t<\/section>\n\t\t\t\t<section class=\"elementor-section elementor-top-section elementor-element elementor-element-173374a elementor-section-content-middle elementor-section-boxed elementor-section-height-default elementor-section-height-default\" data-id=\"173374a\" data-element_type=\"section\" data-settings=\"{&quot;background_background&quot;:&quot;classic&quot;}\">\n\t\t\t\t\t\t<div class=\"elementor-container elementor-column-gap-default\">\n\t\t\t\t\t<div class=\"elementor-column elementor-col-100 elementor-top-column elementor-element elementor-element-c59fbc7\" data-id=\"c59fbc7\" data-element_type=\"column\">\n\t\t\t<div class=\"elementor-widget-wrap elementor-element-populated\">\n\t\t\t\t\t\t\t\t<div class=\"elementor-element elementor-element-d96c2a1 elementor-widget elementor-widget-text-editor\" data-id=\"d96c2a1\" data-element_type=\"widget\" data-widget_type=\"text-editor.default\">\n\t\t\t\t<div class=\"elementor-widget-container\">\n\t\t\t\t\t\t\t<p class=\"p1\">Realitzem assessorament sobre totes les prestacions que es poden derivar en un accident de treball, com s\u00f3n: prestacions de baixa, complement segons Conveni de treball aplicable, rec\u00e0rrec de prestacions (pot suposar percebre fins a un 50% m\u00e9s de la pensi\u00f3 d'incapacitat resultant), seguiment i personaci\u00f3 a la multa a l'empresa, den\u00fancia i acompanyament en les visites a la Inspecci\u00f3 de treball, aix\u00ed com,<span class=\"Apple-converted-space\">\u00a0 <\/span>la presentaci\u00f3 d'escrits tant davant la Inspecci\u00f3 mateixa com a la Seguretat Social.<\/p>\t\t\t\t\t\t<\/div>\n\t\t\t\t<\/div>\n\t\t\t\t\t<\/div>\n\t\t<\/div>\n\t\t\t\t\t\t\t<\/div>\n\t\t<\/section>\n\t\t\t\t<section class=\"elementor-section elementor-top-section elementor-element elementor-element-9b7f19f elementor-section-full_width elementor-section-stretched elementor-hidden-mobile elementor-section-height-default elementor-section-height-default\" data-id=\"9b7f19f\" data-element_type=\"section\" data-settings=\"{&quot;stretch_section&quot;:&quot;section-stretched&quot;}\">\n\t\t\t\t\t\t<div class=\"elementor-container elementor-column-gap-default\">\n\t\t\t\t\t<div class=\"elementor-column elementor-col-100 elementor-top-column elementor-element elementor-element-d6d1d7c\" data-id=\"d6d1d7c\" data-element_type=\"column\" data-settings=\"{&quot;background_background&quot;:&quot;classic&quot;}\">\n\t\t\t<div class=\"elementor-widget-wrap elementor-element-populated\">\n\t\t\t\t\t<div class=\"elementor-background-overlay\"><\/div>\n\t\t\t\t\t\t\t\t<div class=\"elementor-element elementor-element-f427277 elementor-widget elementor-widget-heading\" data-id=\"f427277\" data-element_type=\"widget\" data-widget_type=\"heading.default\">\n\t\t\t\t<div class=\"elementor-widget-container\">\n\t\t\t<h1 class=\"elementor-heading-title elementor-size-default\">Si escau, ens encarregarem de la sol\u00b7licitud de: la conseg\u00fcent prestaci\u00f3 per possible incapacitat laboral permanent, del rec\u00e0rreg de prestacions,  de la indemnitzaci\u00f3 de l'asseguran\u00e7a del Conveni de treball i finalment, de la reclamaci\u00f3 de la Responsabilitat Civil als responsables de l'accident i a les seves entitats asseguradores.<\/h1>\t\t<\/div>\n\t\t\t\t<\/div>\n\t\t\t\t\t<\/div>\n\t\t<\/div>\n\t\t\t\t\t\t\t<\/div>\n\t\t<\/section>\n\t\t\t\t<section class=\"elementor-section elementor-top-section elementor-element elementor-element-618e10a elementor-section-full_width elementor-section-stretched elementor-hidden-desktop elementor-hidden-tablet elementor-section-height-default elementor-section-height-default\" data-id=\"618e10a\" data-element_type=\"section\" data-settings=\"{&quot;stretch_section&quot;:&quot;section-stretched&quot;}\">\n\t\t\t\t\t\t<div class=\"elementor-container elementor-column-gap-default\">\n\t\t\t\t\t<div class=\"elementor-column elementor-col-100 elementor-top-column elementor-element elementor-element-ab928fd\" data-id=\"ab928fd\" data-element_type=\"column\" data-settings=\"{&quot;background_background&quot;:&quot;classic&quot;}\">\n\t\t\t<div class=\"elementor-widget-wrap elementor-element-populated\">\n\t\t\t\t\t<div class=\"elementor-background-overlay\"><\/div>\n\t\t\t\t\t\t\t\t<div class=\"elementor-element elementor-element-b5e796f elementor-widget elementor-widget-heading\" data-id=\"b5e796f\" data-element_type=\"widget\" data-widget_type=\"heading.default\">\n\t\t\t\t<div class=\"elementor-widget-container\">\n\t\t\t<h1 class=\"elementor-heading-title elementor-size-default\">Si escau, ens encarregarem de la sol\u00b7licitud de: la conseg\u00fcent prestaci\u00f3 per possible incapacitat laboral permanent, del rec\u00e0rreg de prestacions,  de la indemnitzaci\u00f3 de l'asseguran\u00e7a del Conveni de treball i finalment, de la reclamaci\u00f3 de la Responsabilitat Civil als responsables de l'accident i a les seves entitats asseguradores.<\/h1>\t\t<\/div>\n\t\t\t\t<\/div>\n\t\t\t\t\t<\/div>\n\t\t<\/div>\n\t\t\t\t\t\t\t<\/div>\n\t\t<\/section>\n\t\t\t\t<section class=\"elementor-section elementor-top-section elementor-element elementor-element-4e83ebd elementor-section-boxed elementor-section-height-default elementor-section-height-default\" data-id=\"4e83ebd\" data-element_type=\"section\">\n\t\t\t\t\t\t<div class=\"elementor-container elementor-column-gap-default\">\n\t\t\t\t\t<div class=\"elementor-column elementor-col-100 elementor-top-column elementor-element elementor-element-862f19e\" data-id=\"862f19e\" data-element_type=\"column\">\n\t\t\t<div class=\"elementor-widget-wrap elementor-element-populated\">\n\t\t\t\t\t\t\t\t<div class=\"elementor-element elementor-element-ce29bcf elementor-widget elementor-widget-text-editor\" data-id=\"ce29bcf\" data-element_type=\"widget\" data-widget_type=\"text-editor.default\">\n\t\t\t\t<div class=\"elementor-widget-container\">\n\t\t\t\t\t\t\t<p class=\"p1\">Totes aquestes circumst\u00e0ncies fan que el treballador que ha patit un accident de treball, es vegi immers en unes situacions que li generaran una necessitat d'estar assessorat per un especialista des d'un primer moment,<span class=\"Apple-converted-space\">\u00a0<\/span>i aix\u00ed ontindre totes les indemnitzacions possibles, d'un succ\u00e9s que moltes vegades li portar\u00e0 tota mena de perjudicis.<\/p>\t\t\t\t\t\t<\/div>\n\t\t\t\t<\/div>\n\t\t\t\t\t<\/div>\n\t\t<\/div>\n\t\t\t\t\t\t\t<\/div>\n\t\t<\/section>\n\t\t\t\t<section class=\"elementor-section elementor-top-section elementor-element elementor-element-21223bf elementor-section-boxed elementor-section-height-default elementor-section-height-default\" data-id=\"21223bf\" data-element_type=\"section\">\n\t\t\t\t\t\t<div class=\"elementor-container elementor-column-gap-default\">\n\t\t\t\t\t<div class=\"elementor-column elementor-col-100 elementor-top-column elementor-element elementor-element-e735510\" data-id=\"e735510\" data-element_type=\"column\">\n\t\t\t<div class=\"elementor-widget-wrap elementor-element-populated\">\n\t\t\t\t\t\t\t\t<div class=\"elementor-element elementor-element-6220ef4 elementor-align-center elementor-widget elementor-widget-button\" data-id=\"6220ef4\" data-element_type=\"widget\" data-widget_type=\"button.default\">\n\t\t\t\t<div class=\"elementor-widget-container\">\n\t\t\t\t\t<div class=\"elementor-button-wrapper\">\n\t\t\t<a href=\"https:\/\/marianomateo.com\/ca\/contacto\/\" class=\"elementor-button-link elementor-button elementor-size-sm\" role=\"button\">\n\t\t\t\t\t\t<span class=\"elementor-button-content-wrapper\">\n\t\t\t\t\t\t\t<span class=\"elementor-button-icon elementor-align-icon-right\">\n\t\t\t\t<i aria-hidden=\"true\" class=\"fas fa-angle-right\"><\/i>\t\t\t<\/span>\n\t\t\t\t\t\t<span class=\"elementor-button-text\">Contacta'ns<\/span>\n\t\t<\/span>\n\t\t\t\t\t<\/a>\n\t\t<\/div>\n\t\t\t\t<\/div>\n\t\t\t\t<\/div>\n\t\t\t\t\t<\/div>\n\t\t<\/div>\n\t\t\t\t\t\t\t<\/div>\n\t\t<\/section>\n\t\t\t\t<section class=\"elementor-section elementor-top-section elementor-element elementor-element-e6aed50 elementor-section-full_width elementor-section-height-default elementor-section-height-default\" data-id=\"e6aed50\" data-element_type=\"section\">\n\t\t\t\t\t\t<div class=\"elementor-container elementor-column-gap-default\">\n\t\t\t\t\t<div class=\"elementor-column elementor-col-100 elementor-top-column elementor-element elementor-element-5223278\" data-id=\"5223278\" data-element_type=\"column\">\n\t\t\t<div class=\"elementor-widget-wrap elementor-element-populated\">\n\t\t\t\t\t\t\t\t<div class=\"elementor-element elementor-element-8b9b6a7 elementor-widget elementor-widget-spacer\" data-id=\"8b9b6a7\" data-element_type=\"widget\" data-widget_type=\"spacer.default\">\n\t\t\t\t<div class=\"elementor-widget-container\">\n\t\t\t<style>\/*! elementor - v3.12.1 - 02-04-2023 *\/\n.elementor-column .elementor-spacer-inner{height:var(--spacer-size)}.e-con{--container-widget-width:100%}.e-con-inner>.elementor-widget-spacer,.e-con>.elementor-widget-spacer{width:var(--container-widget-width,var(--spacer-size));--align-self:var(--container-widget-align-self,initial);--flex-shrink:0}.e-con-inner>.elementor-widget-spacer>.elementor-widget-container,.e-con-inner>.elementor-widget-spacer>.elementor-widget-container>.elementor-spacer,.e-con>.elementor-widget-spacer>.elementor-widget-container,.e-con>.elementor-widget-spacer>.elementor-widget-container>.elementor-spacer{height:100%}.e-con-inner>.elementor-widget-spacer>.elementor-widget-container>.elementor-spacer>.elementor-spacer-inner,.e-con>.elementor-widget-spacer>.elementor-widget-container>.elementor-spacer>.elementor-spacer-inner{height:var(--container-widget-height,var(--spacer-size))}<\/style>\t\t<div class=\"elementor-spacer\">\n\t\t\t<div class=\"elementor-spacer-inner\"><\/div>\n\t\t<\/div>\n\t\t\t\t<\/div>\n\t\t\t\t<\/div>\n\t\t\t\t\t<\/div>\n\t\t<\/div>\n\t\t\t\t\t\t\t<\/div>\n\t\t<\/section>\n\t\t\t\t\t\t\t<\/div>","protected":false},"excerpt":{"rendered":"<p>DERECHO LABORAL Como especialistas en el derecho de da\u00f1os, llevamos m\u00e1s de 24 a\u00f1os defendiendo los intereses de personas que se han visto inmersas en un accidente de trabajo, ya bien sea en su traslado a la empresa, a su domicilio tras la jornada laboral, o bien en el propio lugar de desempe\u00f1o de su &hellip;<\/p>\n<p class=\"read-more\"> <a class=\"\" href=\"https:\/\/marianomateo.com\/ca\/derecho-laboral\/\"> <span class=\"screen-reader-text\">Dret laboral<\/span> Llegeix m\u00e9s &raquo;<\/a><\/p>","protected":false},"author":2,"featured_media":0,"parent":0,"menu_order":0,"comment_status":"closed","ping_status":"closed","template":"elementor_header_footer","meta":{"site-sidebar-layout":"no-sidebar","site-content-layout":"page-builder","ast-global-header-display":"","ast-main-header-display":"","ast-hfb-above-header-display":"","ast-hfb-below-header-display":"","ast-hfb-mobile-header-display":"","site-post-title":"disabled","ast-breadcrumbs-content":"","ast-featured-img":"disabled","footer-sml-layout":"","theme-transparent-header-meta":"","adv-header-id-meta":"","stick-header-meta":"","header-above-stick-meta":"","header-main-stick-meta":"","header-below-stick-meta":"","footnotes":""},"class_list":["post-156","page","type-page","status-publish","hentry"],"yoast_head":"<!-- This site is optimized with the Yoast SEO plugin v20.5 - https:\/\/yoast.com\/wordpress\/plugins\/seo\/ -->\n<title>Derecho laboral &ndash; Mariano Mateo Abogado Terrassa<\/title>\n<meta name=\"description\" content=\"En el despacho cubrimos algunas ramas del derecho laboral como accidentes de trabajo, recargo de prestaciones, denuncias a la inspecci\u00f3n de trabajo, incapacidades laborales\u2026\" \/>\n<meta name=\"robots\" content=\"index, follow, max-snippet:-1, max-image-preview:large, max-video-preview:-1\" \/>\n<link rel=\"canonical\" href=\"https:\/\/marianomateo.com\/ca\/derecho-laboral\/\" \/>\n<meta property=\"og:locale\" content=\"ca_ES\" \/>\n<meta property=\"og:type\" content=\"article\" \/>\n<meta property=\"og:title\" content=\"Derecho laboral &ndash; Mariano Mateo Abogado Terrassa\" \/>\n<meta property=\"og:description\" content=\"En el despacho cubrimos algunas ramas del derecho laboral como accidentes de trabajo, recargo de prestaciones, denuncias a la inspecci\u00f3n de trabajo, incapacidades laborales\u2026\" \/>\n<meta property=\"og:url\" content=\"https:\/\/marianomateo.com\/ca\/derecho-laboral\/\" \/>\n<meta property=\"article:modified_time\" content=\"2023-04-13T13:39:48+00:00\" \/>\n<meta property=\"og:image\" content=\"https:\/\/marianomateo.com\/wp-content\/uploads\/2023\/03\/8-1-1024x576.png\" \/>\n<meta name=\"twitter:card\" content=\"summary_large_image\" \/>\n<script type=\"application\/ld+json\" class=\"yoast-schema-graph\">{\"@context\":\"https:\/\/schema.org\",\"@graph\":[{\"@type\":\"WebPage\",\"@id\":\"https:\/\/marianomateo.com\/derecho-laboral\/\",\"url\":\"https:\/\/marianomateo.com\/derecho-laboral\/\",\"name\":\"Derecho laboral &ndash; Mariano Mateo Abogado Terrassa\",\"isPartOf\":{\"@id\":\"https:\/\/marianomateo.com\/#website\"},\"datePublished\":\"2023-03-19T07:20:30+00:00\",\"dateModified\":\"2023-04-13T13:39:48+00:00\",\"description\":\"En el despacho cubrimos algunas ramas del derecho laboral como accidentes de trabajo, recargo de prestaciones, denuncias a la inspecci\u00f3n de trabajo, incapacidades laborales\u2026\",\"breadcrumb\":{\"@id\":\"https:\/\/marianomateo.com\/derecho-laboral\/#breadcrumb\"},\"inLanguage\":\"ca\",\"potentialAction\":[{\"@type\":\"ReadAction\",\"target\":[\"https:\/\/marianomateo.com\/derecho-laboral\/\"]}]},{\"@type\":\"BreadcrumbList\",\"@id\":\"https:\/\/marianomateo.com\/derecho-laboral\/#breadcrumb\",\"itemListElement\":[{\"@type\":\"ListItem\",\"position\":1,\"name\":\"Portada\",\"item\":\"https:\/\/marianomateo.com\/\"},{\"@type\":\"ListItem\",\"position\":2,\"name\":\"Derecho laboral\"}]},{\"@type\":\"WebSite\",\"@id\":\"https:\/\/marianomateo.com\/#website\",\"url\":\"https:\/\/marianomateo.com\/\",\"name\":\"Mariano Mateo Advocat\",\"description\":\"\",\"publisher\":{\"@id\":\"https:\/\/marianomateo.com\/#\/schema\/person\/37f23f602c469580268268c2ae333961\"},\"potentialAction\":[{\"@type\":\"SearchAction\",\"target\":{\"@type\":\"EntryPoint\",\"urlTemplate\":\"https:\/\/marianomateo.com\/?s={search_term_string}\"},\"query-input\":\"required name=search_term_string\"}],\"inLanguage\":\"ca\"},{\"@type\":[\"Person\",\"Organization\"],\"@id\":\"https:\/\/marianomateo.com\/#\/schema\/person\/37f23f602c469580268268c2ae333961\",\"name\":\"Idoia Domingo\",\"image\":{\"@type\":\"ImageObject\",\"inLanguage\":\"ca\",\"@id\":\"https:\/\/marianomateo.com\/#\/schema\/person\/image\/\",\"url\":\"https:\/\/marianomateo.com\/wp-content\/uploads\/2023\/03\/logo_mateo_Advocat.png\",\"contentUrl\":\"https:\/\/marianomateo.com\/wp-content\/uploads\/2023\/03\/logo_mateo_Advocat.png\",\"width\":958,\"height\":526,\"caption\":\"Idoia Domingo\"},\"logo\":{\"@id\":\"https:\/\/marianomateo.com\/#\/schema\/person\/image\/\"},\"sameAs\":[\"https:\/\/www.egardata.cat\"]}]}<\/script>\n<!-- \/ Yoast SEO plugin. -->","yoast_head_json":{"title":"Derecho laboral &ndash; Mariano Mateo Abogado Terrassa","description":"En el despacho cubrimos algunas ramas del derecho laboral como accidentes de trabajo, recargo de prestaciones, denuncias a la inspecci\u00f3n de trabajo, incapacidades laborales\u2026","robots":{"index":"index","follow":"follow","max-snippet":"max-snippet:-1","max-image-preview":"max-image-preview:large","max-video-preview":"max-video-preview:-1"},"canonical":"https:\/\/marianomateo.com\/ca\/derecho-laboral\/","og_locale":"ca_ES","og_type":"article","og_title":"Derecho laboral &ndash; Mariano Mateo Abogado Terrassa","og_description":"En el despacho cubrimos algunas ramas del derecho laboral como accidentes de trabajo, recargo de prestaciones, denuncias a la inspecci\u00f3n de trabajo, incapacidades laborales\u2026","og_url":"https:\/\/marianomateo.com\/ca\/derecho-laboral\/","article_modified_time":"2023-04-13T13:39:48+00:00","og_image":[{"url":"https:\/\/marianomateo.com\/wp-content\/uploads\/2023\/03\/8-1-1024x576.png"}],"twitter_card":"summary_large_image","schema":{"@context":"https:\/\/schema.org","@graph":[{"@type":"WebPage","@id":"https:\/\/marianomateo.com\/derecho-laboral\/","url":"https:\/\/marianomateo.com\/derecho-laboral\/","name":"Derecho laboral &ndash; Mariano Mateo Abogado Terrassa","isPartOf":{"@id":"https:\/\/marianomateo.com\/#website"},"datePublished":"2023-03-19T07:20:30+00:00","dateModified":"2023-04-13T13:39:48+00:00","description":"En el despacho cubrimos algunas ramas del derecho laboral como accidentes de trabajo, recargo de prestaciones, denuncias a la inspecci\u00f3n de trabajo, incapacidades laborales\u2026","breadcrumb":{"@id":"https:\/\/marianomateo.com\/derecho-laboral\/#breadcrumb"},"inLanguage":"ca","potentialAction":[{"@type":"ReadAction","target":["https:\/\/marianomateo.com\/derecho-laboral\/"]}]},{"@type":"BreadcrumbList","@id":"https:\/\/marianomateo.com\/derecho-laboral\/#breadcrumb","itemListElement":[{"@type":"ListItem","position":1,"name":"Portada","item":"https:\/\/marianomateo.com\/"},{"@type":"ListItem","position":2,"name":"Derecho laboral"}]},{"@type":"WebSite","@id":"https:\/\/marianomateo.com\/#website","url":"https:\/\/marianomateo.com\/","name":"Mariano Mateo Advocat","description":"","publisher":{"@id":"https:\/\/marianomateo.com\/#\/schema\/person\/37f23f602c469580268268c2ae333961"},"potentialAction":[{"@type":"SearchAction","target":{"@type":"EntryPoint","urlTemplate":"https:\/\/marianomateo.com\/?s={search_term_string}"},"query-input":"required name=search_term_string"}],"inLanguage":"ca"},{"@type":["Person","Organization"],"@id":"https:\/\/marianomateo.com\/#\/schema\/person\/37f23f602c469580268268c2ae333961","name":"Idoia Domingo","image":{"@type":"ImageObject","inLanguage":"ca","@id":"https:\/\/marianomateo.com\/#\/schema\/person\/image\/","url":"https:\/\/marianomateo.com\/wp-content\/uploads\/2023\/03\/logo_mateo_Advocat.png","contentUrl":"https:\/\/marianomateo.com\/wp-content\/uploads\/2023\/03\/logo_mateo_Advocat.png","width":958,"height":526,"caption":"Idoia Domingo"},"logo":{"@id":"https:\/\/marianomateo.com\/#\/schema\/person\/image\/"},"sameAs":["https:\/\/www.egardata.cat"]}]}},"_links":{"self":[{"href":"https:\/\/marianomateo.com\/ca\/wp-json\/wp\/v2\/pages\/156"}],"collection":[{"href":"https:\/\/marianomateo.com\/ca\/wp-json\/wp\/v2\/pages"}],"about":[{"href":"https:\/\/marianomateo.com\/ca\/wp-json\/wp\/v2\/types\/page"}],"author":[{"embeddable":true,"href":"https:\/\/marianomateo.com\/ca\/wp-json\/wp\/v2\/users\/2"}],"replies":[{"embeddable":true,"href":"https:\/\/marianomateo.com\/ca\/wp-json\/wp\/v2\/comments?post=156"}],"version-history":[{"count":44,"href":"https:\/\/marianomateo.com\/ca\/wp-json\/wp\/v2\/pages\/156\/revisions"}],"predecessor-version":[{"id":891,"href":"https:\/\/marianomateo.com\/ca\/wp-json\/wp\/v2\/pages\/156\/revisions\/891"}],"wp:attachment":[{"href":"https:\/\/marianomateo.com\/ca\/wp-json\/wp\/v2\/media?parent=156"}],"curies":[{"name":"wp","href":"https:\/\/api.w.org\/{rel}","templated":true}]}}